{"id":25976,"date":"2024-01-02T19:59:47","date_gmt":"2024-01-02T17:59:47","guid":{"rendered":"https:\/\/prolift.ee\/referenssit-2\/"},"modified":"2024-01-17T19:39:17","modified_gmt":"2024-01-17T17:39:17","slug":"referenssit","status":"publish","type":"page","link":"https:\/\/prolift.ee\/fi\/referenssit\/","title":{"rendered":"Referenssit"},"content":{"rendered":"\t\t<div data-elementor-type=\"wp-page\" data-elementor-id=\"25976\" class=\"elementor elementor-25976\" data-elementor-post-type=\"page\">\n\t\t\t\t\t\t<section class=\"elementor-section elementor-top-section elementor-element elementor-element-2771484 elementor-section-boxed elementor-section-height-default elementor-section-height-default\" data-id=\"2771484\" data-element_type=\"section\" data-e-type=\"section\" data-settings=\"{&quot;background_background&quot;:&quot;classic&quot;}\">\n\t\t\t\t\t\t\t<div class=\"elementor-background-overlay\"><\/div>\n\t\t\t\t\t\t\t<div class=\"elementor-container elementor-column-gap-default\">\n\t\t\t\t\t<div class=\"elementor-column elementor-col-100 elementor-top-column elementor-element elementor-element-8d719ca\" data-id=\"8d719ca\" data-element_type=\"column\" data-e-type=\"column\">\n\t\t\t<div class=\"elementor-widget-wrap elementor-element-populated\">\n\t\t\t\t\t\t<div class=\"elementor-element elementor-element-0317eb5 elementor-widget elementor-widget-heading\" data-id=\"0317eb5\" data-element_type=\"widget\" data-e-type=\"widget\" data-widget_type=\"heading.default\">\n\t\t\t\t<div class=\"elementor-widget-container\">\n\t\t\t\t\t<h1 class=\"elementor-heading-title elementor-size-default\">Referenssit<\/h1>\t\t\t\t<\/div>\n\t\t\t\t<\/div>\n\t\t\t\t<div class=\"elementor-element elementor-element-129c353 elementor-widget elementor-widget-text-editor\" data-id=\"129c353\" data-element_type=\"widget\" data-e-type=\"widget\" data-widget_type=\"text-editor.default\">\n\t\t\t\t<div class=\"elementor-widget-container\">\n\t\t\t\t\t\t\t\t\t<section class=\"elementor-section elementor-top-section elementor-element elementor-element-181ffaf elementor-section-boxed elementor-section-height-default elementor-section-height-default\" data-id=\"181ffaf\" data-element_type=\"section\" data-settings=\"{&quot;background_background&quot;:&quot;classic&quot;}\">\n<div class=\"elementor-container elementor-column-gap-default\">\n<div class=\"elementor-row\">\n<div class=\"elementor-column elementor-col-100 elementor-top-column elementor-element elementor-element-9e23304\" data-id=\"9e23304\" data-element_type=\"column\">\n<div class=\"elementor-column-wrap elementor-element-populated\">\n<div class=\"elementor-widget-wrap\">\n<div class=\"elementor-element elementor-element-576e400 elementor-widget elementor-widget-text-editor\" data-id=\"576e400\" data-element_type=\"widget\" data-widget_type=\"text-editor.default\">\n<div class=\"elementor-widget-container\">\n<div class=\"elementor-text-editor elementor-clearfix\">\n<p>Pro lift tarjoaa p\u00e4\u00e4llirakennusratkaisuja tarpeidesi mukaan. T\u00e4ss\u00e4 valikoima toteutettuja t\u00f6it\u00e4.<\/p>\n<\/div>\n<\/div>\n<\/div>\n<\/div>\n<\/div>\n<\/div>\n<\/div>\n<\/div>\n<\/section>\n\t\t\t\t\t\t\t\t<\/div>\n\t\t\t\t<\/div>\n\t\t\t\t\t<\/div>\n\t\t<\/div>\n\t\t\t\t\t<\/div>\n\t\t<\/section>\n\t\t\t\t<section class=\"elementor-section elementor-top-section elementor-element elementor-element-800d893 elementor-section-boxed elementor-section-height-default elementor-section-height-default\" data-id=\"800d893\" data-element_type=\"section\" data-e-type=\"section\" data-settings=\"{&quot;background_background&quot;:&quot;classic&quot;}\">\n\t\t\t\t\t\t\t<div class=\"elementor-background-overlay\"><\/div>\n\t\t\t\t\t\t\t<div class=\"elementor-container elementor-column-gap-default\">\n\t\t\t\t\t<div class=\"elementor-column elementor-col-100 elementor-top-column elementor-element elementor-element-bf87992\" data-id=\"bf87992\" data-element_type=\"column\" data-e-type=\"column\">\n\t\t\t<div class=\"elementor-widget-wrap elementor-element-populated\">\n\t\t\t\t\t\t<div class=\"elementor-element elementor-element-c766dc5 elementor-widget elementor-widget-heading\" data-id=\"c766dc5\" data-element_type=\"widget\" data-e-type=\"widget\" data-widget_type=\"heading.default\">\n\t\t\t\t<div class=\"elementor-widget-container\">\n\t\t\t\t\t<h2 class=\"elementor-heading-title elementor-size-default\">Referenssit<\/h2>\t\t\t\t<\/div>\n\t\t\t\t<\/div>\n\t\t\t\t<div class=\"elementor-element elementor-element-ec663f5 elementor-widget elementor-widget-ucaddon_post_grid\" data-id=\"ec663f5\" data-element_type=\"widget\" data-e-type=\"widget\" data-widget_type=\"ucaddon_post_grid.default\">\n\t\t\t\t<div class=\"elementor-widget-container\">\n\t\t\t\t\t\n<!-- start Post Grid -->\n\t\t<link id='font-awesome-css' href='https:\/\/prolift.ee\/wp-content\/plugins\/unlimited-elements-for-elementor-premium\/assets_libraries\/font-awesome6\/fontawesome-all.min.css' type='text\/css' rel='stylesheet' >\n\t\t<link id='font-awesome-4-shim-css' href='https:\/\/prolift.ee\/wp-content\/plugins\/unlimited-elements-for-elementor-premium\/assets_libraries\/font-awesome6\/fontawesome-v4-shims.min.css' type='text\/css' rel='stylesheet' >\n\n<style>\/* widget: Post Grid *\/\n\n\n\n#uc_post_grid_elementor_ec663f5.uc_post_grid_style_one .uc_post_grid_style_one_wrap {\n   display:grid;\n}\n\n\n#uc_post_grid_elementor_ec663f5 .uc_post_grid_style_one_item\n{\n  position:relative;\n}\n\n#uc_post_grid_elementor_ec663f5 .uc_post_image\n{\n  transition:0.3s;\n  position:relative;\n  overflow:hidden;\n}\n\n#uc_post_grid_elementor_ec663f5 .uc_post_image img\n{\n  width:100%;\n  display:block;\n  transition:0.3s;\n}\n\n\n\t\n\n\n\n\n\n\n#uc_post_grid_elementor_ec663f5 .uc_post_image_overlay\n{\n  position:absolute;\n  top:0px;\n  left:0px;\n  height:100%;\n  width:100%;\n  transition:0.3s;\n}\n\n#uc_post_grid_elementor_ec663f5 .uc_more_btn-custom-field\n{\n  display:inline-block;\n  text-align:center;\n  text-decoration:none;\n  transition:0.3s;\n}\n\n#uc_post_grid_elementor_ec663f5 .uc_more_btn\n{\n  display:inline-block;\n  text-align:center;\n  text-decoration:none;\n  transition:0.3s;\n}\n\n.ue-grid-item-category a\n{\n  display:inline-block;\n  font-size:10px;\n  \n}\n\n.uc_post_title\n{\n  font-size:21px;\n}\n\n\n#uc_post_grid_elementor_ec663f5 .ue_post_grid_item\n{\n  display:flex;\n  flex-direction:column;\n}\n\n#uc_post_grid_elementor_ec663f5.uc_post_grid_style_one .uc_content{\n flex-grow:1;\n}\n\n#uc_post_grid_elementor_ec663f5.uc_post_grid_style_one .uc_content > div\n{\n  height:100%;\n  display:flex;\n  flex-direction:column;\n  justify-content: space-between;}\n\n    #uc_post_grid_elementor_ec663f5 .uc_post_button\n   {\n     margin-top:auto;\n   }\n  \n\n\n\n\n\n\n\n\n\n\n\n\n\n\n\n\n\n\n\n\n\n\n#uc_post_grid_elementor_ec663f5 .ue-meta-data\n{\n  \n  display:flex;\n\n  flex-wrap: wrap;\n  line-height:1em;\n}\n\n#uc_post_grid_elementor_ec663f5 .ue-grid-item-meta-data\n{\n      display:inline-flex;\n      align-items:center;\n}\n\n#uc_post_grid_elementor_ec663f5 .ue-grid-item-meta-data a{\n  color:inherit;\n}\n\n.ue-grid-item-meta-data\n{\n  font-size:12px;\n}\n\n#uc_post_grid_elementor_ec663f5 .ue-grid-item-meta-data-icon\n{\n  line-height:1em;\n}\n\n#uc_post_grid_elementor_ec663f5 .ue-grid-item-meta-data-icon svg\n{\n  width:1em;\n  height:1em;\n}\n\n#uc_post_grid_elementor_ec663f5 .ue-debug-meta\n{\n  padding:10px;\n  border:1px solid red;\n  position:relative;\n  line-height:1.5em;\n  font-size:11px;\n  width:100%;\n}\n\n#uc_post_grid_elementor_ec663f5 .uc_btn_inner\n{\n  display:inline-flex;\n  align-items:center;\n}\n\n#uc_post_grid_elementor_ec663f5 .uc_btn_inner svg\n{\n  width:1em;\n  height:1em;\n}\n\n\n\n\n\n\n\n\n\n\n\n\n\n\n\n<\/style>\n\n<div class=\"uc_post_grid_style_one uc-filterable-grid \" id=\"uc_post_grid_elementor_ec663f5\"  data-ajax='true'  data-filterbehave='ajax'  querydata='{&quot;count_posts&quot;:12,&quot;total_posts&quot;:68,&quot;page&quot;:1,&quot;num_pages&quot;:6}' >\n\t\t<div class=\"uc_post_grid_style_one_wrap ue_post_grid uc-items-wrapper\">\n\t\t\t<div id=\"uc_post_grid_elementor_ec663f5_item1\" class=\"uc_post_grid_style_one_item ue_post_grid_item ue-item \">\n  \n      <a class=\"uc_post_grid_style_one_image \" href='https:\/\/prolift.ee\/fi\/nousuaskelmat-lava\/' target=\"_blank\">\n     <div class=\"uc_post_image\">\n     <img loading=\"lazy\" decoding=\"async\" src=\"https:\/\/prolift.ee\/wp-content\/uploads\/2025\/12\/porte-202511-768x768.png\"  src=\"https:\/\/prolift.ee\/wp-content\/uploads\/2025\/12\/porte-202511-768x768.png\" alt=\"porte 202511\" width=\"768\" height=\"768\">\n     <div class=\"uc_post_image_overlay\"><\/div>\n     <\/div>\n    <\/a>\n   \n  <div class=\"uc_content\">\n    <div>\n      <div class=\"uc_content-info-wrapper\" >\n             \n    \t        \t\t\t      \t\t\t\t<div class=\"uc_post_title\"><a class=\"\" href='https:\/\/prolift.ee\/fi\/nousuaskelmat-lava\/' target=\"_blank\"><div class=\"ue_p_title\">UUSI: Portit, joissa on taitettavat nousuaskelmat<\/div><\/a><\/div>\n      \t\t\t          \t\n\t\t  \n      \t  <div class=\"ue-meta-data\">\n                        \n                        \n        \n\t\t\t\n                        \n                        \n                        \n                        \n            \t\t\t\n              \n            \n          <\/div>\n     \n     <div class=\"uc_post_text\">Portteihin integroidut taitettavat nousuaskelmat mahdollistavat varman ja turvallisen kulun erikorkuisiin...<\/div>     <\/div>\n           <div class=\"uc_post_button\">\n        \n        <a class=\"uc_more_btn \" target=\"_blank\" href='https:\/\/prolift.ee\/fi\/nousuaskelmat-lava\/'>\n          <div class=\"uc_btn_inner\">\n            <div class=\"uc_btn_txt\">Jatka lukemista<\/div>\n                      <\/div>\n      \t<\/a>\n        \n                \n      <\/div>\n      \t<\/div>\n  <\/div>\n<\/div>\n<div id=\"uc_post_grid_elementor_ec663f5_item2\" class=\"uc_post_grid_style_one_item ue_post_grid_item ue-item \">\n  \n      <a class=\"uc_post_grid_style_one_image \" href='https:\/\/prolift.ee\/fi\/kahe-tostukiga-pealisehitus-tagab-cramole-paindlikkuse-tootamiseks-erinevates-tingimustes\/' target=\"_blank\">\n     <div class=\"uc_post_image\">\n     <img loading=\"lazy\" decoding=\"async\" src=\"https:\/\/prolift.ee\/wp-content\/uploads\/2025\/09\/Cramo-768x768.png\"  src=\"https:\/\/prolift.ee\/wp-content\/uploads\/2025\/09\/Cramo-768x768.png\" alt=\"Cramo\" width=\"768\" height=\"768\">\n     <div class=\"uc_post_image_overlay\"><\/div>\n     <\/div>\n    <\/a>\n   \n  <div class=\"uc_content\">\n    <div>\n      <div class=\"uc_content-info-wrapper\" >\n             \n    \t        \t\t\t      \t\t\t\t<div class=\"uc_post_title\"><a class=\"\" href='https:\/\/prolift.ee\/fi\/kahe-tostukiga-pealisehitus-tagab-cramole-paindlikkuse-tootamiseks-erinevates-tingimustes\/' target=\"_blank\"><div class=\"ue_p_title\">Cramo: kaksi nosturia tuo joustavuutta erilaisiin ty\u00f6olosuhteisiin<\/div><\/a><\/div>\n      \t\t\t          \t\n\t\t  \n      \t  <div class=\"ue-meta-data\">\n                        \n                        \n        \n\t\t\t\n                        \n                        \n                        \n                        \n            \t\t\t\n              \n            \n          <\/div>\n     \n     <div class=\"uc_post_text\">Pro Liftill\u00e4 valmistui Cramolle uusi kuorma-auto, joka on suunniteltu vastaamaan vuokrausyrityksen p\u00e4ivitt\u00e4isen...<\/div>     <\/div>\n           <div class=\"uc_post_button\">\n        \n        <a class=\"uc_more_btn \" target=\"_blank\" href='https:\/\/prolift.ee\/fi\/kahe-tostukiga-pealisehitus-tagab-cramole-paindlikkuse-tootamiseks-erinevates-tingimustes\/'>\n          <div class=\"uc_btn_inner\">\n            <div class=\"uc_btn_txt\">Jatka lukemista<\/div>\n                      <\/div>\n      \t<\/a>\n        \n                \n      <\/div>\n      \t<\/div>\n  <\/div>\n<\/div>\n<div id=\"uc_post_grid_elementor_ec663f5_item3\" class=\"uc_post_grid_style_one_item ue_post_grid_item ue-item \">\n  \n      <a class=\"uc_post_grid_style_one_image \" href='https:\/\/prolift.ee\/fi\/eesti-keskkonnateenused-nosturi-lava\/' target=\"_blank\">\n     <div class=\"uc_post_image\">\n     <img loading=\"lazy\" decoding=\"async\" src=\"https:\/\/prolift.ee\/wp-content\/uploads\/2025\/08\/Eesti-Keskkonnateenused_Dhollandia_Fassi-9-768x768.png\"  src=\"https:\/\/prolift.ee\/wp-content\/uploads\/2025\/08\/Eesti-Keskkonnateenused_Dhollandia_Fassi-9-768x768.png\" alt=\"Eesti Keskkonnateenused_Dhollandia_Fassi (9)\" width=\"768\" height=\"768\">\n     <div class=\"uc_post_image_overlay\"><\/div>\n     <\/div>\n    <\/a>\n   \n  <div class=\"uc_content\">\n    <div>\n      <div class=\"uc_content-info-wrapper\" >\n             \n    \t        \t\t\t      \t\t\t\t<div class=\"uc_post_title\"><a class=\"\" href='https:\/\/prolift.ee\/fi\/eesti-keskkonnateenused-nosturi-lava\/' target=\"_blank\"><div class=\"ue_p_title\">Kompakti kuorma-auto kahdella nostimella ja turvallisella lavarakenteella<\/div><\/a><\/div>\n      \t\t\t          \t\n\t\t  \n      \t  <div class=\"ue-meta-data\">\n                        \n                        \n        \n\t\t\t\n                        \n                        \n                        \n                        \n            \t\t\t\n              \n            \n          <\/div>\n     \n     <div class=\"uc_post_text\">Fassi Micro -kuormausnosturi, Dhollandia-takalaitanostin ja alas taittuvilla laidoilla varustettu lavarakenteen...<\/div>     <\/div>\n           <div class=\"uc_post_button\">\n        \n        <a class=\"uc_more_btn \" target=\"_blank\" href='https:\/\/prolift.ee\/fi\/eesti-keskkonnateenused-nosturi-lava\/'>\n          <div class=\"uc_btn_inner\">\n            <div class=\"uc_btn_txt\">Jatka lukemista<\/div>\n                      <\/div>\n      \t<\/a>\n        \n                \n      <\/div>\n      \t<\/div>\n  <\/div>\n<\/div>\n<div id=\"uc_post_grid_elementor_ec663f5_item4\" class=\"uc_post_grid_style_one_item ue_post_grid_item ue-item \">\n  \n      <a class=\"uc_post_grid_style_one_image \" href='https:\/\/prolift.ee\/fi\/elektrilevi-henkilonostin-klubb_isoli\/' target=\"_blank\">\n     <div class=\"uc_post_image\">\n     <img loading=\"lazy\" decoding=\"async\" src=\"https:\/\/prolift.ee\/wp-content\/uploads\/2025\/08\/Elektrilevi-Isuzu-768x768.png\"  src=\"https:\/\/prolift.ee\/wp-content\/uploads\/2025\/08\/Elektrilevi-Isuzu-768x768.png\" alt=\"Elektrilevi Isuzu\" width=\"768\" height=\"768\">\n     <div class=\"uc_post_image_overlay\"><\/div>\n     <\/div>\n    <\/a>\n   \n  <div class=\"uc_content\">\n    <div>\n      <div class=\"uc_content-info-wrapper\" >\n             \n    \t        \t\t\t      \t\t\t\t<div class=\"uc_post_title\"><a class=\"\" href='https:\/\/prolift.ee\/fi\/elektrilevi-henkilonostin-klubb_isoli\/' target=\"_blank\"><div class=\"ue_p_title\">Henkil\u00f6nostimella varustettu Isuzu Pro Liftilt\u00e4 Elektrilevin vikaryhm\u00e4lle<\/div><\/a><\/div>\n      \t\t\t          \t\n\t\t  \n      \t  <div class=\"ue-meta-data\">\n                        \n                        \n        \n\t\t\t\n                        \n                        \n                        \n                        \n            \t\t\t\n              \n            \n          <\/div>\n     \n     <div class=\"uc_post_text\">Luotettava Klubb Isoli KAT42 -henkil\u00f6nostin mahdollistaa tiimin turvallisen ja tehokkaan ty\u00f6skentely...<\/div>     <\/div>\n           <div class=\"uc_post_button\">\n        \n        <a class=\"uc_more_btn \" target=\"_blank\" href='https:\/\/prolift.ee\/fi\/elektrilevi-henkilonostin-klubb_isoli\/'>\n          <div class=\"uc_btn_inner\">\n            <div class=\"uc_btn_txt\">Jatka lukemista<\/div>\n                      <\/div>\n      \t<\/a>\n        \n                \n      <\/div>\n      \t<\/div>\n  <\/div>\n<\/div>\n<div id=\"uc_post_grid_elementor_ec663f5_item5\" class=\"uc_post_grid_style_one_item ue_post_grid_item ue-item \">\n  \n      <a class=\"uc_post_grid_style_one_image \" href='https:\/\/prolift.ee\/fi\/verdegro-tormayssuoja-liikenneturvallisuus\/' target=\"_blank\">\n     <div class=\"uc_post_image\">\n     <img loading=\"lazy\" decoding=\"async\" src=\"https:\/\/prolift.ee\/wp-content\/uploads\/2025\/08\/Verston-Verdegro-768x768.png\"  src=\"https:\/\/prolift.ee\/wp-content\/uploads\/2025\/08\/Verston-Verdegro-768x768.png\" alt=\"Verston Verdegro\" width=\"768\" height=\"768\">\n     <div class=\"uc_post_image_overlay\"><\/div>\n     <\/div>\n    <\/a>\n   \n  <div class=\"uc_content\">\n    <div>\n      <div class=\"uc_content-info-wrapper\" >\n             \n    \t        \t\t\t      \t\t\t\t<div class=\"uc_post_title\"><a class=\"\" href='https:\/\/prolift.ee\/fi\/verdegro-tormayssuoja-liikenneturvallisuus\/' target=\"_blank\"><div class=\"ue_p_title\">Verdegro-t\u00f6rm\u00e4yssuoja- ja nuolitauluper\u00e4vaunu suojaa sek\u00e4 ihmisi\u00e4 ett\u00e4 kalustoa.<\/div><\/a><\/div>\n      \t\t\t          \t\n\t\t  \n      \t  <div class=\"ue-meta-data\">\n                        \n                        \n        \n\t\t\t\n                        \n                        \n                        \n                        \n            \t\t\t\n              \n            \n          <\/div>\n     \n     <div class=\"uc_post_text\">Verstonin nuolitaululla ja t\u00f6rm\u00e4yssuojalla varustettu per\u00e4vaunu parantaa liikenneturvallisuutta.<\/div>     <\/div>\n           <div class=\"uc_post_button\">\n        \n        <a class=\"uc_more_btn \" target=\"_blank\" href='https:\/\/prolift.ee\/fi\/verdegro-tormayssuoja-liikenneturvallisuus\/'>\n          <div class=\"uc_btn_inner\">\n            <div class=\"uc_btn_txt\">Jatka lukemista<\/div>\n                      <\/div>\n      \t<\/a>\n        \n                \n      <\/div>\n      \t<\/div>\n  <\/div>\n<\/div>\n<div id=\"uc_post_grid_elementor_ec663f5_item6\" class=\"uc_post_grid_style_one_item ue_post_grid_item ue-item \">\n  \n      <a class=\"uc_post_grid_style_one_image \" href='https:\/\/prolift.ee\/fi\/hmf-iveco-eurocargo-kuormaauto-4x4\/' target=\"_blank\">\n     <div class=\"uc_post_image\">\n     <img loading=\"lazy\" decoding=\"async\" src=\"https:\/\/prolift.ee\/wp-content\/uploads\/2025\/03\/Muua-Iveco-Eurocargo-6-768x768.png\"  src=\"https:\/\/prolift.ee\/wp-content\/uploads\/2025\/03\/Muua-Iveco-Eurocargo-6-768x768.png\" alt=\"Mu\u0308u\u0308a Iveco Eurocargo (6)\" width=\"768\" height=\"768\">\n     <div class=\"uc_post_image_overlay\"><\/div>\n     <\/div>\n    <\/a>\n   \n  <div class=\"uc_content\">\n    <div>\n      <div class=\"uc_content-info-wrapper\" >\n             \n    \t        \t\t\t      \t\t\t\t<div class=\"uc_post_title\"><a class=\"\" href='https:\/\/prolift.ee\/fi\/hmf-iveco-eurocargo-kuormaauto-4x4\/' target=\"_blank\"><div class=\"ue_p_title\">Iveco Eurocargo 4\u00d74 -ty\u00f6maakuorma-auto HMF-nosturilla ja lavarakenteella<\/div><\/a><\/div>\n      \t\t\t          \t\n\t\t  \n      \t  <div class=\"ue-meta-data\">\n                        \n                        \n        \n\t\t\t\n                        \n                        \n                        \n                        \n            \t\t\t\n              \n            \n          <\/div>\n     \n     <div class=\"uc_post_text\">Pro Liftin ja Iv Plussin yhteisty\u00f6ss\u00e4 valmistunut ajoneuvoon on asennettu HMF-nosturi ja lava-\/tasor...<\/div>     <\/div>\n           <div class=\"uc_post_button\">\n        \n        <a class=\"uc_more_btn \" target=\"_blank\" href='https:\/\/prolift.ee\/fi\/hmf-iveco-eurocargo-kuormaauto-4x4\/'>\n          <div class=\"uc_btn_inner\">\n            <div class=\"uc_btn_txt\">Jatka lukemista<\/div>\n                      <\/div>\n      \t<\/a>\n        \n                \n      <\/div>\n      \t<\/div>\n  <\/div>\n<\/div>\n<div id=\"uc_post_grid_elementor_ec663f5_item7\" class=\"uc_post_grid_style_one_item ue_post_grid_item ue-item \">\n  \n      <a class=\"uc_post_grid_style_one_image \" href='https:\/\/prolift.ee\/fi\/connecto-iveco-daily-pro-lift\/' target=\"_blank\">\n     <div class=\"uc_post_image\">\n     <img loading=\"lazy\" decoding=\"async\" src=\"https:\/\/prolift.ee\/wp-content\/uploads\/2025\/05\/Connecto-Iveco-202505-5-1-768x768.png\"  src=\"https:\/\/prolift.ee\/wp-content\/uploads\/2025\/05\/Connecto-Iveco-202505-5-1-768x768.png\" alt=\"Connecto Iveco 202505 (5)\" width=\"768\" height=\"768\">\n     <div class=\"uc_post_image_overlay\"><\/div>\n     <\/div>\n    <\/a>\n   \n  <div class=\"uc_content\">\n    <div>\n      <div class=\"uc_content-info-wrapper\" >\n             \n    \t        \t\t\t      \t\t\t\t<div class=\"uc_post_title\"><a class=\"\" href='https:\/\/prolift.ee\/fi\/connecto-iveco-daily-pro-lift\/' target=\"_blank\"><div class=\"ue_p_title\">R\u00e4\u00e4t\u00e4l\u00f6ity ratkaisu Connectolle: nostoty\u00f6t, kuljetus ja ty\u00f6kalujen hallinta samassa ajoneuvossa<\/div><\/a><\/div>\n      \t\t\t          \t\n\t\t  \n      \t  <div class=\"ue-meta-data\">\n                        \n                        \n        \n\t\t\t\n                        \n                        \n                        \n                        \n            \t\t\t\n              \n            \n          <\/div>\n     \n     <div class=\"uc_post_text\">Pro Lift O\u00dc suunnitteli ja asensi erityisp\u00e4\u00e4llirakenteen Connecton uuteen Iveco Daily -alustapakettiautoon...<\/div>     <\/div>\n           <div class=\"uc_post_button\">\n        \n        <a class=\"uc_more_btn \" target=\"_blank\" href='https:\/\/prolift.ee\/fi\/connecto-iveco-daily-pro-lift\/'>\n          <div class=\"uc_btn_inner\">\n            <div class=\"uc_btn_txt\">Jatka lukemista<\/div>\n                      <\/div>\n      \t<\/a>\n        \n                \n      <\/div>\n      \t<\/div>\n  <\/div>\n<\/div>\n<div id=\"uc_post_grid_elementor_ec663f5_item8\" class=\"uc_post_grid_style_one_item ue_post_grid_item ue-item \">\n  \n      <a class=\"uc_post_grid_style_one_image \" href='https:\/\/prolift.ee\/fi\/prolift-verhokori-iveco-daily\/' target=\"_blank\">\n     <div class=\"uc_post_image\">\n     <img loading=\"lazy\" decoding=\"async\" src=\"https:\/\/prolift.ee\/wp-content\/uploads\/2025\/05\/Autokate-Iveco-202505-3-768x768.png\"  src=\"https:\/\/prolift.ee\/wp-content\/uploads\/2025\/05\/Autokate-Iveco-202505-3-768x768.png\" alt=\"Autokate Iveco 202505 (3)\" width=\"768\" height=\"768\">\n     <div class=\"uc_post_image_overlay\"><\/div>\n     <\/div>\n    <\/a>\n   \n  <div class=\"uc_content\">\n    <div>\n      <div class=\"uc_content-info-wrapper\" >\n             \n    \t        \t\t\t      \t\t\t\t<div class=\"uc_post_title\"><a class=\"\" href='https:\/\/prolift.ee\/fi\/prolift-verhokori-iveco-daily\/' target=\"_blank\"><div class=\"ue_p_title\">Asiakkaan tarpeiden mukaan rakennettu \u2013 verho\u00adkorirakenne Iveco Daily -alustalle<\/div><\/a><\/div>\n      \t\t\t          \t\n\t\t  \n      \t  <div class=\"ue-meta-data\">\n                        \n                        \n        \n\t\t\t\n                        \n                        \n                        \n                        \n            \t\t\t\n              \n            \n          <\/div>\n     \n     <div class=\"uc_post_text\">Verhokori kehitettiin yhteisty\u00f6ss\u00e4 asiakkaan kanssa, ottaen huomioon tarpeen nopeaan ja joustavaan kuorman...<\/div>     <\/div>\n           <div class=\"uc_post_button\">\n        \n        <a class=\"uc_more_btn \" target=\"_blank\" href='https:\/\/prolift.ee\/fi\/prolift-verhokori-iveco-daily\/'>\n          <div class=\"uc_btn_inner\">\n            <div class=\"uc_btn_txt\">Jatka lukemista<\/div>\n                      <\/div>\n      \t<\/a>\n        \n                \n      <\/div>\n      \t<\/div>\n  <\/div>\n<\/div>\n<div id=\"uc_post_grid_elementor_ec663f5_item9\" class=\"uc_post_grid_style_one_item ue_post_grid_item ue-item \">\n  \n      <a class=\"uc_post_grid_style_one_image \" href='https:\/\/prolift.ee\/fi\/paallirakenne-infra-pro-lift-connecto\/' target=\"_blank\">\n     <div class=\"uc_post_image\">\n     <img loading=\"lazy\" decoding=\"async\" src=\"https:\/\/prolift.ee\/wp-content\/uploads\/2025\/05\/Connecto-Iveco-202505-3-768x768.png\"  src=\"https:\/\/prolift.ee\/wp-content\/uploads\/2025\/05\/Connecto-Iveco-202505-3-768x768.png\" alt=\"Connecto Iveco 202505 (3)\" width=\"768\" height=\"768\">\n     <div class=\"uc_post_image_overlay\"><\/div>\n     <\/div>\n    <\/a>\n   \n  <div class=\"uc_content\">\n    <div>\n      <div class=\"uc_content-info-wrapper\" >\n             \n    \t        \t\t\t      \t\t\t\t<div class=\"uc_post_title\"><a class=\"\" href='https:\/\/prolift.ee\/fi\/paallirakenne-infra-pro-lift-connecto\/' target=\"_blank\"><div class=\"ue_p_title\">Pro Liftin ratkaisu Connectolle \u2013 toimiva p\u00e4\u00e4llirakenne infrat\u00f6ihin<\/div><\/a><\/div>\n      \t\t\t          \t\n\t\t  \n      \t  <div class=\"ue-meta-data\">\n                        \n                        \n        \n\t\t\t\n                        \n                        \n                        \n                        \n            \t\t\t\n              \n            \n          <\/div>\n     \n     <div class=\"uc_post_text\">Ratkaisu kehitettiin ottaen huomioon ty\u00f6n luonne, ty\u00f6maiden v\u00e4linen liikkuvuus sek\u00e4 turvallisuusvaat...<\/div>     <\/div>\n           <div class=\"uc_post_button\">\n        \n        <a class=\"uc_more_btn \" target=\"_blank\" href='https:\/\/prolift.ee\/fi\/paallirakenne-infra-pro-lift-connecto\/'>\n          <div class=\"uc_btn_inner\">\n            <div class=\"uc_btn_txt\">Jatka lukemista<\/div>\n                      <\/div>\n      \t<\/a>\n        \n                \n      <\/div>\n      \t<\/div>\n  <\/div>\n<\/div>\n<div id=\"uc_post_grid_elementor_ec663f5_item10\" class=\"uc_post_grid_style_one_item ue_post_grid_item ue-item \">\n  \n      <a class=\"uc_post_grid_style_one_image \" href='https:\/\/prolift.ee\/fi\/pro-lift-city-motors-demoauto\/' target=\"_blank\">\n     <div class=\"uc_post_image\">\n     <img loading=\"lazy\" decoding=\"async\" src=\"https:\/\/prolift.ee\/wp-content\/uploads\/2025\/05\/City-Motors-Demo-2025-5-768x768.png\"  src=\"https:\/\/prolift.ee\/wp-content\/uploads\/2025\/05\/City-Motors-Demo-2025-5-768x768.png\" alt=\"City Motors Demo 2025 (5)\" width=\"768\" height=\"768\">\n     <div class=\"uc_post_image_overlay\"><\/div>\n     <\/div>\n    <\/a>\n   \n  <div class=\"uc_content\">\n    <div>\n      <div class=\"uc_content-info-wrapper\" >\n             \n    \t        \t\t\t      \t\t\t\t<div class=\"uc_post_title\"><a class=\"\" href='https:\/\/prolift.ee\/fi\/pro-lift-city-motors-demoauto\/' target=\"_blank\"><div class=\"ue_p_title\">Pro Lift varusti City Motorsin esittelyajoneuvon lavarakenteella.<\/div><\/a><\/div>\n      \t\t\t          \t\n\t\t  \n      \t  <div class=\"ue-meta-data\">\n                        \n                        \n        \n\t\t\t\n                        \n                        \n                        \n                        \n            \t\t\t\n              \n            \n          <\/div>\n     \n     <div class=\"uc_post_text\">Renault Master Pro Liftin p\u00e4\u00e4llirakenteella on k\u00e4yt\u00e4nn\u00f6llinen ja nykyaikainen kuljetusajoneuvo.<\/div>     <\/div>\n           <div class=\"uc_post_button\">\n        \n        <a class=\"uc_more_btn \" target=\"_blank\" href='https:\/\/prolift.ee\/fi\/pro-lift-city-motors-demoauto\/'>\n          <div class=\"uc_btn_inner\">\n            <div class=\"uc_btn_txt\">Jatka lukemista<\/div>\n                      <\/div>\n      \t<\/a>\n        \n                \n      <\/div>\n      \t<\/div>\n  <\/div>\n<\/div>\n<div id=\"uc_post_grid_elementor_ec663f5_item11\" class=\"uc_post_grid_style_one_item ue_post_grid_item ue-item \">\n  \n      <a class=\"uc_post_grid_style_one_image \" href='https:\/\/prolift.ee\/fi\/tjt-uusi-koukkulava-pro-lift\/' target=\"_blank\">\n     <div class=\"uc_post_image\">\n     <img loading=\"lazy\" decoding=\"async\" src=\"https:\/\/prolift.ee\/wp-content\/uploads\/2025\/05\/TLJT-Scania-2025-3-768x768.png\"  src=\"https:\/\/prolift.ee\/wp-content\/uploads\/2025\/05\/TLJT-Scania-2025-3-768x768.png\" alt=\"TLJT Scania 2025 (3)\" width=\"768\" height=\"768\">\n     <div class=\"uc_post_image_overlay\"><\/div>\n     <\/div>\n    <\/a>\n   \n  <div class=\"uc_content\">\n    <div>\n      <div class=\"uc_content-info-wrapper\" >\n             \n    \t        \t\t\t      \t\t\t\t<div class=\"uc_post_title\"><a class=\"\" href='https:\/\/prolift.ee\/fi\/tjt-uusi-koukkulava-pro-lift\/' target=\"_blank\"><div class=\"ue_p_title\">Tallinna J\u00e4\u00e4tmete Taaskasutuskeskus AS:n uusi koukkulava-auto valmistui Pro Liftill\u00e4.<\/div><\/a><\/div>\n      \t\t\t          \t\n\t\t  \n      \t  <div class=\"ue-meta-data\">\n                        \n                        \n        \n\t\t\t\n                        \n                        \n                        \n                        \n            \t\t\t\n              \n            \n          <\/div>\n     \n     <div class=\"uc_post_text\">Monipuolinen ja ymp\u00e4rist\u00f6yst\u00e4v\u00e4llinen ajoneuvo on suunniteltu vastaamaan nykyaikaisen j\u00e4tehuollon ta...<\/div>     <\/div>\n           <div class=\"uc_post_button\">\n        \n        <a class=\"uc_more_btn \" target=\"_blank\" href='https:\/\/prolift.ee\/fi\/tjt-uusi-koukkulava-pro-lift\/'>\n          <div class=\"uc_btn_inner\">\n            <div class=\"uc_btn_txt\">Jatka lukemista<\/div>\n                      <\/div>\n      \t<\/a>\n        \n                \n      <\/div>\n      \t<\/div>\n  <\/div>\n<\/div>\n<div id=\"uc_post_grid_elementor_ec663f5_item12\" class=\"uc_post_grid_style_one_item ue_post_grid_item ue-item \">\n  \n      <a class=\"uc_post_grid_style_one_image \" href='https:\/\/prolift.ee\/fi\/pro-lift-varustas-kaitsevae-uued-traktorid-pealisehitusega\/' target=\"_blank\">\n     <div class=\"uc_post_image\">\n     <img loading=\"lazy\" decoding=\"async\" src=\"https:\/\/prolift.ee\/wp-content\/uploads\/2025\/04\/Kaitsevagi-JCB-2025-Kermo-PastarusRKIK_ECDI-768x768.png\"  src=\"https:\/\/prolift.ee\/wp-content\/uploads\/2025\/04\/Kaitsevagi-JCB-2025-Kermo-PastarusRKIK_ECDI-768x768.png\" alt=\"Kaitseva\u0308gi JCB 2025 Kermo PastarusRKIK_ECDI\" width=\"768\" height=\"768\">\n     <div class=\"uc_post_image_overlay\"><\/div>\n     <\/div>\n    <\/a>\n   \n  <div class=\"uc_content\">\n    <div>\n      <div class=\"uc_content-info-wrapper\" >\n             \n    \t        \t\t\t      \t\t\t\t<div class=\"uc_post_title\"><a class=\"\" href='https:\/\/prolift.ee\/fi\/pro-lift-varustas-kaitsevae-uued-traktorid-pealisehitusega\/' target=\"_blank\"><div class=\"ue_p_title\">Pro Lift varusti puolustusvoimien uudet traktorit p\u00e4\u00e4llirakenteill<\/div><\/a><\/div>\n      \t\t\t          \t\n\t\t  \n      \t  <div class=\"ue-meta-data\">\n                        \n                        \n        \n\t\t\t\n                        \n                        \n                        \n                        \n            \t\t\t\n              \n            \n          <\/div>\n     \n     <div class=\"uc_post_text\">Viron puolustusvoimat vahvisti pioneeri\u00adkyvykkyytt\u00e4\u00e4n uudella ja monipuolisella kalustolla. Pro Liftin...<\/div>     <\/div>\n           <div class=\"uc_post_button\">\n        \n        <a class=\"uc_more_btn \" target=\"_blank\" href='https:\/\/prolift.ee\/fi\/pro-lift-varustas-kaitsevae-uued-traktorid-pealisehitusega\/'>\n          <div class=\"uc_btn_inner\">\n            <div class=\"uc_btn_txt\">Jatka lukemista<\/div>\n                      <\/div>\n      \t<\/a>\n        \n                \n      <\/div>\n      \t<\/div>\n  <\/div>\n<\/div>\n\n\t\t<\/div>\n\t<\/div>\n\n\n\n  <div id=\"uc_post_grid_elementor_ec663f5_empty_message\" class=\"ue-no-posts-found\"  style=\"display:none\" >Viestej\u00e4 ei l\u00f6ytynyt<\/div>\n\n\n<!-- end Post Grid --><div class='uc-posts-pagination'><span aria-current=\"page\" class=\"page-numbers current\">1<\/span>\n<a class=\"page-numbers\" href=\"https:\/\/prolift.ee\/fi\/referenssit\/2\/\">2<\/a>\n<a class=\"page-numbers\" href=\"https:\/\/prolift.ee\/fi\/referenssit\/3\/\">3<\/a>\n<span class=\"page-numbers dots\">&hellip;<\/span>\n<a class=\"page-numbers\" href=\"https:\/\/prolift.ee\/fi\/referenssit\/6\/\">6<\/a><\/div>\t\t\t\t<\/div>\n\t\t\t\t<\/div>\n\t\t\t\t\t<\/div>\n\t\t<\/div>\n\t\t\t\t\t<\/div>\n\t\t<\/section>\n\t\t\t\t<section class=\"elementor-section elementor-top-section elementor-element elementor-element-689f94f elementor-section-boxed elementor-section-height-default elementor-section-height-default\" data-id=\"689f94f\" data-element_type=\"section\" data-e-type=\"section\" data-settings=\"{&quot;background_background&quot;:&quot;classic&quot;}\">\n\t\t\t\t\t\t<div class=\"elementor-container elementor-column-gap-default\">\n\t\t\t\t\t<div class=\"elementor-column elementor-col-50 elementor-top-column elementor-element elementor-element-6ff2f98\" data-id=\"6ff2f98\" data-element_type=\"column\" data-e-type=\"column\">\n\t\t\t<div class=\"elementor-widget-wrap elementor-element-populated\">\n\t\t\t\t\t\t<div class=\"elementor-element elementor-element-6330c2c elementor-widget elementor-widget-image\" data-id=\"6330c2c\" data-element_type=\"widget\" data-e-type=\"widget\" data-widget_type=\"image.default\">\n\t\t\t\t<div class=\"elementor-widget-container\">\n\t\t\t\t\t\t\t\t\t\t\t\t\t\t\t<img loading=\"lazy\" decoding=\"async\" width=\"150\" height=\"150\" src=\"https:\/\/prolift.ee\/wp-content\/uploads\/2021\/07\/image_2021-07-30_015745-150x150.png\" class=\"attachment-thumbnail size-thumbnail wp-image-19998\" alt=\"\" srcset=\"https:\/\/prolift.ee\/wp-content\/uploads\/2021\/07\/image_2021-07-30_015745-150x150.png 150w, https:\/\/prolift.ee\/wp-content\/uploads\/2021\/07\/image_2021-07-30_015745.png 240w\" sizes=\"(max-width: 150px) 100vw, 150px\" \/>\t\t\t\t\t\t\t\t\t\t\t\t\t\t\t<\/div>\n\t\t\t\t<\/div>\n\t\t\t\t\t<\/div>\n\t\t<\/div>\n\t\t\t\t<div class=\"elementor-column elementor-col-50 elementor-top-column elementor-element elementor-element-c19f3f9\" data-id=\"c19f3f9\" data-element_type=\"column\" data-e-type=\"column\">\n\t\t\t<div class=\"elementor-widget-wrap elementor-element-populated\">\n\t\t\t\t\t\t<div class=\"elementor-element elementor-element-ac1aa81 elementor-widget elementor-widget-heading\" data-id=\"ac1aa81\" data-element_type=\"widget\" data-e-type=\"widget\" data-widget_type=\"heading.default\">\n\t\t\t\t<div class=\"elementor-widget-container\">\n\t\t\t\t\t<h3 class=\"elementor-heading-title elementor-size-default\">Virossa: Ma\u2013pe  8.00 - 17.00: +372 683 7705 \/ &#x69;&#x6e;&#102;o&#x40;&#x70;&#114;ol&#x69;&#x66;&#116;&#46;&#x65;&#x65;<\/h3>\t\t\t\t<\/div>\n\t\t\t\t<\/div>\n\t\t\t\t<div class=\"elementor-element elementor-element-d98f296 elementor-widget elementor-widget-heading\" data-id=\"d98f296\" data-element_type=\"widget\" data-e-type=\"widget\" data-widget_type=\"heading.default\">\n\t\t\t\t<div class=\"elementor-widget-container\">\n\t\t\t\t\t<h3 class=\"elementor-heading-title elementor-size-default\">Latviassa: Ma\u2013pe 8.00 - 17.00: +371 67112701 \/ &#x69;&#x6e;&#102;&#111;&#64;p&#x72;&#x6f;&#x6c;&#105;&#102;t&#46;&#x6c;&#x76;<\/h3>\t\t\t\t<\/div>\n\t\t\t\t<\/div>\n\t\t\t\t<div class=\"elementor-element elementor-element-1d30322 elementor-widget elementor-widget-text-editor\" data-id=\"1d30322\" data-element_type=\"widget\" data-e-type=\"widget\" data-widget_type=\"text-editor.default\">\n\t\t\t\t<div class=\"elementor-widget-container\">\n\t\t\t\t\t\t\t\t\t<p>Etsittek\u00f6 vastausta kysymykseenne<br \/>vai haluatteko sopia konsultaatioajan?<br \/>Ottakaa meihin yhteytt\u00e4!<\/p>\t\t\t\t\t\t\t\t<\/div>\n\t\t\t\t<\/div>\n\t\t\t\t\t<\/div>\n\t\t<\/div>\n\t\t\t\t\t<\/div>\n\t\t<\/section>\n\t\t\t\t<\/div>\n\t\t","protected":false},"excerpt":{"rendered":"<p>Referenssit Pro lift tarjoaa p\u00e4\u00e4llirakennusratkaisuja tarpeidesi mukaan. T\u00e4ss\u00e4 valikoima toteutettuja t\u00f6it\u00e4. Referenssit Viestej\u00e4 ei l\u00f6ytynyt 1 2 3 4 5 Virossa: Ma\u2013pe 8.00 &#8211; 17.00: +372 683 7705 \/ &#105;&#x6e;f&#111;&#x40;p&#114;&#x6f;l&#105;&#x66;t&#46;&#x65;&#101; Latviassa: Ma\u2013pe 8.00 &#8211; 17.00: +371 67112701 \/ &#x69;&#110;&#x66;&#x6f;&#64;&#x70;&#x72;&#111;&#x6c;&#x69;&#102;&#x74;&#x2e;l&#x76; Etsittek\u00f6 vastausta kysymykseennevai haluatteko sopia konsultaatioajan?Ottakaa meihin yhteytt\u00e4!<\/p>\n","protected":false},"author":5,"featured_media":0,"parent":0,"menu_order":0,"comment_status":"closed","ping_status":"closed","template":"","meta":{"footnotes":""},"class_list":["post-25976","page","type-page","status-publish","hentry"],"yoast_head":"<!-- This site is optimized with the Yoast SEO plugin v27.3 - https:\/\/yoast.com\/product\/yoast-seo-wordpress\/ -->\n<title>Referenssit - Pro Lift O\u00dc<\/title>\n<meta name=\"description\" content=\"Pro lift tarjoaa p\u00e4\u00e4llirakennusratkaisuja tarpeidesi mukaan. T\u00e4ss\u00e4 valikoima toteutettuja t\u00f6it\u00e4.\" \/>\n<meta name=\"robots\" content=\"index, follow, max-snippet:-1, max-image-preview:large, max-video-preview:-1\" \/>\n<link rel=\"canonical\" href=\"https:\/\/prolift.ee\/fi\/referenssit\/\" \/>\n<meta property=\"og:locale\" content=\"fi_FI\" \/>\n<meta property=\"og:type\" content=\"article\" \/>\n<meta property=\"og:title\" content=\"Referenssit\" \/>\n<meta property=\"og:description\" content=\"Pro lift tarjoaa p\u00e4\u00e4llirakennusratkaisuja tarpeidesi mukaan. T\u00e4ss\u00e4 valikoima toteutettuja t\u00f6it\u00e4.\" \/>\n<meta property=\"og:url\" content=\"https:\/\/prolift.ee\/fi\/referenssit\/\" \/>\n<meta property=\"og:site_name\" content=\"Pro Lift O\u00dc\" \/>\n<meta property=\"article:publisher\" content=\"https:\/\/www.facebook.com\/proliftou\" \/>\n<meta property=\"article:modified_time\" content=\"2024-01-17T17:39:17+00:00\" \/>\n<meta property=\"og:image\" content=\"https:\/\/prolift.ee\/wp-content\/uploads\/2023\/11\/HEMA-2024-Pro-lift-3-550x550.png\" \/>\n<meta name=\"twitter:card\" content=\"summary_large_image\" \/>\n<meta name=\"twitter:title\" content=\"Referenssit\" \/>\n<meta name=\"twitter:description\" content=\"Pro lift tarjoaa p\u00e4\u00e4llirakennusratkaisuja tarpeidesi mukaan. T\u00e4ss\u00e4 valikoima toteutettuja t\u00f6it\u00e4.\" \/>\n<meta name=\"twitter:label1\" content=\"Arvioitu lukuaika\" \/>\n\t<meta name=\"twitter:data1\" content=\"5 minuuttia\" \/>\n<script type=\"application\/ld+json\" class=\"yoast-schema-graph\">{\"@context\":\"https:\\\/\\\/schema.org\",\"@graph\":[{\"@type\":\"WebPage\",\"@id\":\"https:\\\/\\\/prolift.ee\\\/fi\\\/referenssit\\\/\",\"url\":\"https:\\\/\\\/prolift.ee\\\/fi\\\/referenssit\\\/\",\"name\":\"Referenssit - Pro Lift O\u00dc\",\"isPartOf\":{\"@id\":\"https:\\\/\\\/prolift.ee\\\/fi\\\/#website\"},\"primaryImageOfPage\":{\"@id\":\"https:\\\/\\\/prolift.ee\\\/fi\\\/referenssit\\\/#primaryimage\"},\"image\":{\"@id\":\"https:\\\/\\\/prolift.ee\\\/fi\\\/referenssit\\\/#primaryimage\"},\"thumbnailUrl\":\"https:\\\/\\\/prolift.ee\\\/wp-content\\\/uploads\\\/2021\\\/07\\\/image_2021-07-30_015745-150x150.png\",\"datePublished\":\"2024-01-02T17:59:47+00:00\",\"dateModified\":\"2024-01-17T17:39:17+00:00\",\"description\":\"Pro lift tarjoaa p\u00e4\u00e4llirakennusratkaisuja tarpeidesi mukaan. T\u00e4ss\u00e4 valikoima toteutettuja t\u00f6it\u00e4.\",\"breadcrumb\":{\"@id\":\"https:\\\/\\\/prolift.ee\\\/fi\\\/referenssit\\\/#breadcrumb\"},\"inLanguage\":\"fi\",\"potentialAction\":[{\"@type\":\"ReadAction\",\"target\":[\"https:\\\/\\\/prolift.ee\\\/fi\\\/referenssit\\\/\"]}]},{\"@type\":\"ImageObject\",\"inLanguage\":\"fi\",\"@id\":\"https:\\\/\\\/prolift.ee\\\/fi\\\/referenssit\\\/#primaryimage\",\"url\":\"https:\\\/\\\/prolift.ee\\\/wp-content\\\/uploads\\\/2021\\\/07\\\/image_2021-07-30_015745-150x150.png\",\"contentUrl\":\"https:\\\/\\\/prolift.ee\\\/wp-content\\\/uploads\\\/2021\\\/07\\\/image_2021-07-30_015745-150x150.png\"},{\"@type\":\"BreadcrumbList\",\"@id\":\"https:\\\/\\\/prolift.ee\\\/fi\\\/referenssit\\\/#breadcrumb\",\"itemListElement\":[{\"@type\":\"ListItem\",\"position\":1,\"name\":\"Home\",\"item\":\"https:\\\/\\\/prolift.ee\\\/fi\\\/etusivu\\\/\"},{\"@type\":\"ListItem\",\"position\":2,\"name\":\"Referenssit\"}]},{\"@type\":\"WebSite\",\"@id\":\"https:\\\/\\\/prolift.ee\\\/fi\\\/#website\",\"url\":\"https:\\\/\\\/prolift.ee\\\/fi\\\/\",\"name\":\"Pro Lift O\u00dc\",\"description\":\"Pealisehituse valmislahendused\",\"publisher\":{\"@id\":\"https:\\\/\\\/prolift.ee\\\/fi\\\/#organization\"},\"potentialAction\":[{\"@type\":\"SearchAction\",\"target\":{\"@type\":\"EntryPoint\",\"urlTemplate\":\"https:\\\/\\\/prolift.ee\\\/fi\\\/?s={search_term_string}\"},\"query-input\":{\"@type\":\"PropertyValueSpecification\",\"valueRequired\":true,\"valueName\":\"search_term_string\"}}],\"inLanguage\":\"fi\"},{\"@type\":\"Organization\",\"@id\":\"https:\\\/\\\/prolift.ee\\\/fi\\\/#organization\",\"name\":\"Pro Lift O\u00dc\",\"url\":\"https:\\\/\\\/prolift.ee\\\/fi\\\/\",\"logo\":{\"@type\":\"ImageObject\",\"inLanguage\":\"fi\",\"@id\":\"https:\\\/\\\/prolift.ee\\\/fi\\\/#\\\/schema\\\/logo\\\/image\\\/\",\"url\":\"https:\\\/\\\/prolift.ee\\\/wp-content\\\/uploads\\\/2021\\\/07\\\/Logo_Full_Color.svg\",\"contentUrl\":\"https:\\\/\\\/prolift.ee\\\/wp-content\\\/uploads\\\/2021\\\/07\\\/Logo_Full_Color.svg\",\"width\":1,\"height\":1,\"caption\":\"Pro Lift O\u00dc\"},\"image\":{\"@id\":\"https:\\\/\\\/prolift.ee\\\/fi\\\/#\\\/schema\\\/logo\\\/image\\\/\"},\"sameAs\":[\"https:\\\/\\\/www.facebook.com\\\/proliftou\",\"https:\\\/\\\/www.instagram.com\\\/proliftou\\\/\",\"https:\\\/\\\/www.linkedin.com\\\/company\\\/prolift\\\/\"]}]}<\/script>\n<!-- \/ Yoast SEO plugin. -->","yoast_head_json":{"title":"Referenssit - Pro Lift O\u00dc","description":"Pro lift tarjoaa p\u00e4\u00e4llirakennusratkaisuja tarpeidesi mukaan. T\u00e4ss\u00e4 valikoima toteutettuja t\u00f6it\u00e4.","robots":{"index":"index","follow":"follow","max-snippet":"max-snippet:-1","max-image-preview":"max-image-preview:large","max-video-preview":"max-video-preview:-1"},"canonical":"https:\/\/prolift.ee\/fi\/referenssit\/","og_locale":"fi_FI","og_type":"article","og_title":"Referenssit","og_description":"Pro lift tarjoaa p\u00e4\u00e4llirakennusratkaisuja tarpeidesi mukaan. T\u00e4ss\u00e4 valikoima toteutettuja t\u00f6it\u00e4.","og_url":"https:\/\/prolift.ee\/fi\/referenssit\/","og_site_name":"Pro Lift O\u00dc","article_publisher":"https:\/\/www.facebook.com\/proliftou","article_modified_time":"2024-01-17T17:39:17+00:00","og_image":[{"url":"https:\/\/prolift.ee\/wp-content\/uploads\/2023\/11\/HEMA-2024-Pro-lift-3-550x550.png","type":"","width":"","height":""}],"twitter_card":"summary_large_image","twitter_title":"Referenssit","twitter_description":"Pro lift tarjoaa p\u00e4\u00e4llirakennusratkaisuja tarpeidesi mukaan. T\u00e4ss\u00e4 valikoima toteutettuja t\u00f6it\u00e4.","twitter_misc":{"Arvioitu lukuaika":"5 minuuttia"},"schema":{"@context":"https:\/\/schema.org","@graph":[{"@type":"WebPage","@id":"https:\/\/prolift.ee\/fi\/referenssit\/","url":"https:\/\/prolift.ee\/fi\/referenssit\/","name":"Referenssit - Pro Lift O\u00dc","isPartOf":{"@id":"https:\/\/prolift.ee\/fi\/#website"},"primaryImageOfPage":{"@id":"https:\/\/prolift.ee\/fi\/referenssit\/#primaryimage"},"image":{"@id":"https:\/\/prolift.ee\/fi\/referenssit\/#primaryimage"},"thumbnailUrl":"https:\/\/prolift.ee\/wp-content\/uploads\/2021\/07\/image_2021-07-30_015745-150x150.png","datePublished":"2024-01-02T17:59:47+00:00","dateModified":"2024-01-17T17:39:17+00:00","description":"Pro lift tarjoaa p\u00e4\u00e4llirakennusratkaisuja tarpeidesi mukaan. T\u00e4ss\u00e4 valikoima toteutettuja t\u00f6it\u00e4.","breadcrumb":{"@id":"https:\/\/prolift.ee\/fi\/referenssit\/#breadcrumb"},"inLanguage":"fi","potentialAction":[{"@type":"ReadAction","target":["https:\/\/prolift.ee\/fi\/referenssit\/"]}]},{"@type":"ImageObject","inLanguage":"fi","@id":"https:\/\/prolift.ee\/fi\/referenssit\/#primaryimage","url":"https:\/\/prolift.ee\/wp-content\/uploads\/2021\/07\/image_2021-07-30_015745-150x150.png","contentUrl":"https:\/\/prolift.ee\/wp-content\/uploads\/2021\/07\/image_2021-07-30_015745-150x150.png"},{"@type":"BreadcrumbList","@id":"https:\/\/prolift.ee\/fi\/referenssit\/#breadcrumb","itemListElement":[{"@type":"ListItem","position":1,"name":"Home","item":"https:\/\/prolift.ee\/fi\/etusivu\/"},{"@type":"ListItem","position":2,"name":"Referenssit"}]},{"@type":"WebSite","@id":"https:\/\/prolift.ee\/fi\/#website","url":"https:\/\/prolift.ee\/fi\/","name":"Pro Lift O\u00dc","description":"Pealisehituse valmislahendused","publisher":{"@id":"https:\/\/prolift.ee\/fi\/#organization"},"potentialAction":[{"@type":"SearchAction","target":{"@type":"EntryPoint","urlTemplate":"https:\/\/prolift.ee\/fi\/?s={search_term_string}"},"query-input":{"@type":"PropertyValueSpecification","valueRequired":true,"valueName":"search_term_string"}}],"inLanguage":"fi"},{"@type":"Organization","@id":"https:\/\/prolift.ee\/fi\/#organization","name":"Pro Lift O\u00dc","url":"https:\/\/prolift.ee\/fi\/","logo":{"@type":"ImageObject","inLanguage":"fi","@id":"https:\/\/prolift.ee\/fi\/#\/schema\/logo\/image\/","url":"https:\/\/prolift.ee\/wp-content\/uploads\/2021\/07\/Logo_Full_Color.svg","contentUrl":"https:\/\/prolift.ee\/wp-content\/uploads\/2021\/07\/Logo_Full_Color.svg","width":1,"height":1,"caption":"Pro Lift O\u00dc"},"image":{"@id":"https:\/\/prolift.ee\/fi\/#\/schema\/logo\/image\/"},"sameAs":["https:\/\/www.facebook.com\/proliftou","https:\/\/www.instagram.com\/proliftou\/","https:\/\/www.linkedin.com\/company\/prolift\/"]}]}},"_links":{"self":[{"href":"https:\/\/prolift.ee\/fi\/wp-json\/wp\/v2\/pages\/25976","targetHints":{"allow":["GET"]}}],"collection":[{"href":"https:\/\/prolift.ee\/fi\/wp-json\/wp\/v2\/pages"}],"about":[{"href":"https:\/\/prolift.ee\/fi\/wp-json\/wp\/v2\/types\/page"}],"author":[{"embeddable":true,"href":"https:\/\/prolift.ee\/fi\/wp-json\/wp\/v2\/users\/5"}],"replies":[{"embeddable":true,"href":"https:\/\/prolift.ee\/fi\/wp-json\/wp\/v2\/comments?post=25976"}],"version-history":[{"count":16,"href":"https:\/\/prolift.ee\/fi\/wp-json\/wp\/v2\/pages\/25976\/revisions"}],"predecessor-version":[{"id":26823,"href":"https:\/\/prolift.ee\/fi\/wp-json\/wp\/v2\/pages\/25976\/revisions\/26823"}],"wp:attachment":[{"href":"https:\/\/prolift.ee\/fi\/wp-json\/wp\/v2\/media?parent=25976"}],"curies":[{"name":"wp","href":"https:\/\/api.w.org\/{rel}","templated":true}]}}